{"id":1001,"date":"2021-08-24T17:24:19","date_gmt":"2021-08-24T15:24:19","guid":{"rendered":"http:\/\/obwodnicamilicza.pl\/?page_id=1001"},"modified":"2021-08-24T21:39:25","modified_gmt":"2021-08-24T19:39:25","slug":"budowa-obwodnicy-milicza-w-ciagu-drogi-krajowej-nr-15","status":"publish","type":"page","link":"http:\/\/obwodnicamilicza.pl\/","title":{"rendered":"Budowa Obwodnicy Milicza w ci\u0105gu Drogi Krajowej nr 15"},"content":{"rendered":"\n<h1 class=\"alignwide has-text-align-center wp-block-heading\"><\/h1>\n\n\n\n<section id=\"gmc93ff03\" class=\"wp-block-gutentor-m4 section-gmc93ff03 gutentor-module gutentor-advanced-columns gutentor-enable-sticky-column\" data-top=\"0\" data-bottom=\"0\"><div class=\"grid-container\"><div class=\"grid-row\">\n<div id=\"col-gm6d0ff0\" class=\"wp-block-gutentor-m4-col col-gm6d0ff0 gutentor-single-column  grid-lg-2 grid-md-12 grid-12\"><div id=\"section-gm6d0ff0\" class=\"section-gm6d0ff0 gutentor-col-wrap\">\n<div id=\"section-g96767c\" class=\"wp-block-gutentor-e1 section-g96767c gutentor-element gutentor-element-advanced-text text-align-center-desktop\"><div class=\"gutentor-text-wrap\"><h3 class=\"gutentor-text\">Aktualno\u015bci<\/h3><\/div><\/div>\n\n\n<section class=\"gutentor-section gutentor-blog-post-wrapper blog-template1 wp-block-gutentor-blog-post\" id=\"section-56a22bc2-5968-40f6-a49d-700d1751f693\">\n<div class='grid-container'><div class=\"gutentor-block-header\"><\/div><div class='gutentor-grid-item-wrap '><div class='grid-row '><article class='gutentor-post-no-thumb  grid-lg-12 grid-md-4 grid-12 blog-grid'><div class=\"gutentor-single-item\"><div class=\"gutentor-post-content\"><h3 class=\"gutentor-single-item-title\"><a href=\"http:\/\/obwodnicamilicza.pl\/index.php\/2025\/12\/23\/ogloszenie-przetargu\/\" rel=\"bookmark\">Og\u0142oszenie przetargu<\/a><\/h3><div class=\"entry-meta\"><div class=\"posted-on\"><i class=\"far fa-calendar-alt\"><\/i><a href=\"http:\/\/obwodnicamilicza.pl\/index.php\/2025\/12\/23\/ogloszenie-przetargu\/\" rel=\"bookmark\">wtorek, 23\/12\/2025r.<\/a><\/div><\/div><a class=\"gutentor-button gutentor-single-item-button gutentor-icon-hide\" href=\"http:\/\/obwodnicamilicza.pl\/index.php\/2025\/12\/23\/ogloszenie-przetargu\/\"><i class=\"gutentor-button-icon fas fa-book\"><\/i><span><\/span><\/a><\/div><\/div><\/article><article class='gutentor-post-no-thumb  grid-lg-12 grid-md-4 grid-12 blog-grid'><div class=\"gutentor-single-item\"><div class=\"gutentor-post-content\"><h3 class=\"gutentor-single-item-title\"><a href=\"http:\/\/obwodnicamilicza.pl\/index.php\/2025\/05\/09\/roboty-geologiczne\/\" rel=\"bookmark\">Roboty geologiczne<\/a><\/h3><div class=\"entry-meta\"><div class=\"posted-on\"><i class=\"far fa-calendar-alt\"><\/i><a href=\"http:\/\/obwodnicamilicza.pl\/index.php\/2025\/05\/09\/roboty-geologiczne\/\" rel=\"bookmark\">pi\u0105tek, 09\/05\/2025r.<\/a><\/div><\/div><a class=\"gutentor-button gutentor-single-item-button gutentor-icon-hide\" href=\"http:\/\/obwodnicamilicza.pl\/index.php\/2025\/05\/09\/roboty-geologiczne\/\"><i class=\"gutentor-button-icon fas fa-book\"><\/i><span><\/span><\/a><\/div><\/div><\/article><article class='gutentor-post-no-thumb  grid-lg-12 grid-md-4 grid-12 blog-grid'><div class=\"gutentor-single-item\"><div class=\"gutentor-post-content\"><h3 class=\"gutentor-single-item-title\"><a href=\"http:\/\/obwodnicamilicza.pl\/index.php\/2025\/02\/03\/aktualnosci-do-dn-03-02-2025-r\/\" rel=\"bookmark\">Aktualno\u015bci do dn. 03.02.2025 r.<\/a><\/h3><div class=\"entry-meta\"><div class=\"posted-on\"><i class=\"far fa-calendar-alt\"><\/i><a href=\"http:\/\/obwodnicamilicza.pl\/index.php\/2025\/02\/03\/aktualnosci-do-dn-03-02-2025-r\/\" rel=\"bookmark\">poniedzia\u0142ek, 03\/02\/2025r.<\/a><\/div><\/div><a class=\"gutentor-button gutentor-single-item-button gutentor-icon-hide\" href=\"http:\/\/obwodnicamilicza.pl\/index.php\/2025\/02\/03\/aktualnosci-do-dn-03-02-2025-r\/\"><i class=\"gutentor-button-icon fas fa-book\"><\/i><span><\/span><\/a><\/div><\/div><\/article><article class='gutentor-post-no-thumb  grid-lg-12 grid-md-4 grid-12 blog-grid'><div class=\"gutentor-single-item\"><div class=\"gutentor-post-content\"><h3 class=\"gutentor-single-item-title\"><a href=\"http:\/\/obwodnicamilicza.pl\/index.php\/2024\/04\/13\/aktualnosci-do-dn-13-04-2024-r\/\" rel=\"bookmark\">Aktualno\u015bci do dn. 13.04.2024 r.<\/a><\/h3><div class=\"entry-meta\"><div class=\"posted-on\"><i class=\"far fa-calendar-alt\"><\/i><a href=\"http:\/\/obwodnicamilicza.pl\/index.php\/2024\/04\/13\/aktualnosci-do-dn-13-04-2024-r\/\" rel=\"bookmark\">sobota, 13\/04\/2024r.<\/a><\/div><\/div><a class=\"gutentor-button gutentor-single-item-button gutentor-icon-hide\" href=\"http:\/\/obwodnicamilicza.pl\/index.php\/2024\/04\/13\/aktualnosci-do-dn-13-04-2024-r\/\"><i class=\"gutentor-button-icon fas fa-book\"><\/i><span><\/span><\/a><\/div><\/div><\/article><article class='gutentor-post-no-thumb  grid-lg-12 grid-md-4 grid-12 blog-grid'><div class=\"gutentor-single-item\"><div class=\"gutentor-post-content\"><h3 class=\"gutentor-single-item-title\"><a href=\"http:\/\/obwodnicamilicza.pl\/index.php\/2023\/09\/25\/aktualnosci-do-dn-25-08-2023r\/\" rel=\"bookmark\">Aktualno\u015bci do dn. 25.08.2023r.<\/a><\/h3><div class=\"entry-meta\"><div class=\"posted-on\"><i class=\"far fa-calendar-alt\"><\/i><a href=\"http:\/\/obwodnicamilicza.pl\/index.php\/2023\/09\/25\/aktualnosci-do-dn-25-08-2023r\/\" rel=\"bookmark\">poniedzia\u0142ek, 25\/09\/2023r.<\/a><\/div><\/div><a class=\"gutentor-button gutentor-single-item-button gutentor-icon-hide\" href=\"http:\/\/obwodnicamilicza.pl\/index.php\/2023\/09\/25\/aktualnosci-do-dn-25-08-2023r\/\"><i class=\"gutentor-button-icon fas fa-book\"><\/i><span><\/span><\/a><\/div><\/div><\/article><article class='gutentor-post-no-thumb  grid-lg-12 grid-md-4 grid-12 blog-grid'><div class=\"gutentor-single-item\"><div class=\"gutentor-post-content\"><h3 class=\"gutentor-single-item-title\"><a href=\"http:\/\/obwodnicamilicza.pl\/index.php\/2023\/08\/31\/aktualnosci-do-dn-31-08-2023r\/\" rel=\"bookmark\">Aktualno\u015bci do dn. 31.08.2023r.<\/a><\/h3><div class=\"entry-meta\"><div class=\"posted-on\"><i class=\"far fa-calendar-alt\"><\/i><a href=\"http:\/\/obwodnicamilicza.pl\/index.php\/2023\/08\/31\/aktualnosci-do-dn-31-08-2023r\/\" rel=\"bookmark\">czwartek, 31\/08\/2023r.<\/a><\/div><\/div><a class=\"gutentor-button gutentor-single-item-button gutentor-icon-hide\" href=\"http:\/\/obwodnicamilicza.pl\/index.php\/2023\/08\/31\/aktualnosci-do-dn-31-08-2023r\/\"><i class=\"gutentor-button-icon fas fa-book\"><\/i><span><\/span><\/a><\/div><\/div><\/article><article class='gutentor-post-no-thumb  grid-lg-12 grid-md-4 grid-12 blog-grid'><div class=\"gutentor-single-item\"><div class=\"gutentor-post-content\"><h3 class=\"gutentor-single-item-title\"><a href=\"http:\/\/obwodnicamilicza.pl\/index.php\/2023\/04\/13\/aktualnosci-do-dn-13-04-2023r\/\" rel=\"bookmark\">Aktualno\u015bci do dn. 13.04.2023r.<\/a><\/h3><div class=\"entry-meta\"><div class=\"posted-on\"><i class=\"far fa-calendar-alt\"><\/i><a href=\"http:\/\/obwodnicamilicza.pl\/index.php\/2023\/04\/13\/aktualnosci-do-dn-13-04-2023r\/\" rel=\"bookmark\">czwartek, 13\/04\/2023r.<\/a><\/div><\/div><a class=\"gutentor-button gutentor-single-item-button gutentor-icon-hide\" href=\"http:\/\/obwodnicamilicza.pl\/index.php\/2023\/04\/13\/aktualnosci-do-dn-13-04-2023r\/\"><i class=\"gutentor-button-icon fas fa-book\"><\/i><span><\/span><\/a><\/div><\/div><\/article><article class='gutentor-post-no-thumb  grid-lg-12 grid-md-4 grid-12 blog-grid'><div class=\"gutentor-single-item\"><div class=\"gutentor-post-content\"><h3 class=\"gutentor-single-item-title\"><a href=\"http:\/\/obwodnicamilicza.pl\/index.php\/2023\/02\/14\/rekomendowany-wariant-film\/\" rel=\"bookmark\">Rekomendowany wariant &#8211; film<\/a><\/h3><div class=\"entry-meta\"><div class=\"posted-on\"><i class=\"far fa-calendar-alt\"><\/i><a href=\"http:\/\/obwodnicamilicza.pl\/index.php\/2023\/02\/14\/rekomendowany-wariant-film\/\" rel=\"bookmark\">wtorek, 14\/02\/2023r.<\/a><\/div><\/div><a class=\"gutentor-button gutentor-single-item-button gutentor-icon-hide\" href=\"http:\/\/obwodnicamilicza.pl\/index.php\/2023\/02\/14\/rekomendowany-wariant-film\/\"><i class=\"gutentor-button-icon fas fa-book\"><\/i><span><\/span><\/a><\/div><\/div><\/article><article class='gutentor-post-no-thumb  grid-lg-12 grid-md-4 grid-12 blog-grid'><div class=\"gutentor-single-item\"><div class=\"gutentor-post-content\"><h3 class=\"gutentor-single-item-title\"><a href=\"http:\/\/obwodnicamilicza.pl\/index.php\/2022\/12\/14\/posiedzenie-komisji\/\" rel=\"bookmark\">Posiedzenie KOPI<\/a><\/h3><div class=\"entry-meta\"><div class=\"posted-on\"><i class=\"far fa-calendar-alt\"><\/i><a href=\"http:\/\/obwodnicamilicza.pl\/index.php\/2022\/12\/14\/posiedzenie-komisji\/\" rel=\"bookmark\">\u015broda, 14\/12\/2022r.<\/a><\/div><\/div><a class=\"gutentor-button gutentor-single-item-button gutentor-icon-hide\" href=\"http:\/\/obwodnicamilicza.pl\/index.php\/2022\/12\/14\/posiedzenie-komisji\/\"><i class=\"gutentor-button-icon fas fa-book\"><\/i><span><\/span><\/a><\/div><\/div><\/article><article class='gutentor-post-no-thumb  grid-lg-12 grid-md-4 grid-12 blog-grid'><div class=\"gutentor-single-item\"><div class=\"gutentor-post-content\"><h3 class=\"gutentor-single-item-title\"><a href=\"http:\/\/obwodnicamilicza.pl\/index.php\/2022\/09\/26\/posiedzenie-zopi\/\" rel=\"bookmark\">Posiedzenie ZOPI<\/a><\/h3><div class=\"entry-meta\"><div class=\"posted-on\"><i class=\"far fa-calendar-alt\"><\/i><a href=\"http:\/\/obwodnicamilicza.pl\/index.php\/2022\/09\/26\/posiedzenie-zopi\/\" rel=\"bookmark\">poniedzia\u0142ek, 26\/09\/2022r.<\/a><\/div><\/div><a class=\"gutentor-button gutentor-single-item-button gutentor-icon-hide\" href=\"http:\/\/obwodnicamilicza.pl\/index.php\/2022\/09\/26\/posiedzenie-zopi\/\"><i class=\"gutentor-button-icon fas fa-book\"><\/i><span><\/span><\/a><\/div><\/div><\/article><\/div><\/div><\/div><\/section><\/div><\/div>\n\n\n\n<div id=\"col-gm1766c2\" class=\"wp-block-gutentor-m4-col col-gm1766c2 gutentor-single-column  grid-lg-10 grid-md-12 grid-12\"><div id=\"section-gm1766c2\" class=\"section-gm1766c2 gutentor-col-wrap\">\n<div id=\"section-g751767\" class=\"wp-block-gutentor-e1 section-g751767 gutentor-element gutentor-element-advanced-text text-align-center-desktop\"><div class=\"gutentor-text-wrap\"><h3 class=\"gutentor-text\"> <span style=\"color:#f88c00\" class=\"has-inline-color\">\/<\/span><strong>NAZWA KONTRAKTU<\/strong> <\/h3><\/div><\/div>\n\n\n\n<p><img loading=\"lazy\" decoding=\"async\" width=\"81\" height=\"79\" class=\"wp-image-1013\" style=\"width: 81px\" src=\"http:\/\/obwodnicamilicza.pl\/wp-content\/uploads\/2021\/08\/quote_up.png\" alt=\"\" srcset=\"http:\/\/obwodnicamilicza.pl\/wp-content\/uploads\/2021\/08\/quote_up.png 81w, http:\/\/obwodnicamilicza.pl\/wp-content\/uploads\/2021\/08\/quote_up-45x45.png 45w\" sizes=\"auto, (max-width: 81px) 100vw, 81px\" \/><\/p>\n\n\n\n<div id=\"section-gaf96f6\" class=\"wp-block-gutentor-e1 section-gaf96f6 gutentor-element gutentor-element-advanced-text text-align-center-desktop\"><div class=\"gutentor-text-wrap\"><p class=\"gutentor-text\">Opracowanie studium techniczno-ekonomiczno-\u015brodowiskowego z koncepcj\u0105 programow\u0105 oraz materia\u0142ami do wniosku o decyzj\u0119 o \u015brodowiskowych uwarunkowaniach dla przedsi\u0119wzi\u0119cia pod nazw\u0105 Budowa Obwodnicy Milicza w ci\u0105gu Drogi Krajowej nr 15<\/p><\/div><\/div>\n\n\n\n<p class=\"has-text-align-right\"><img loading=\"lazy\" decoding=\"async\" width=\"81\" height=\"79\" class=\"wp-image-1016\" style=\"width: 81px\" src=\"http:\/\/obwodnicamilicza.pl\/wp-content\/uploads\/2021\/08\/quote_down.png\" alt=\"\" srcset=\"http:\/\/obwodnicamilicza.pl\/wp-content\/uploads\/2021\/08\/quote_down.png 81w, http:\/\/obwodnicamilicza.pl\/wp-content\/uploads\/2021\/08\/quote_down-45x45.png 45w\" sizes=\"auto, (max-width: 81px) 100vw, 81px\" \/><\/p>\n\n\n<div class=\"rl-gallery-container rl-loading\" id=\"rl-gallery-container-1\" data-gallery_id=\"793\"> <div class=\"rl-gallery rl-basicgrid-gallery entry-content-width rl-hover-effect-5 rl-hover-icon-1\" id=\"rl-gallery-1\" data-gallery_no=\"1\"> <div class=\"rl-gallery-item\"><a href=\"http:\/\/obwodnicamilicza.pl\/wp-content\/uploads\/2021\/06\/warianty-scaled.jpg\" title=\"Warianty przebiegu\" data-rl_title=\"Warianty przebiegu\" class=\"rl-gallery-link\" data-rl_caption=\"\" data-rel=\"lightbox-gallery-1\"><img loading=\"lazy\" decoding=\"async\" src=\"http:\/\/obwodnicamilicza.pl\/wp-content\/uploads\/2021\/06\/warianty-300x212.jpg\" width=\"300\" height=\"212\" alt=\"\" \/><span class=\"rl-gallery-caption\"><span class=\"rl-gallery-item-title\">Warianty przebiegu<\/span><\/span><\/a><\/div><div class=\"rl-gallery-item\"><a href=\"http:\/\/obwodnicamilicza.pl\/wp-content\/uploads\/2021\/06\/ulica-Grzybowa-scaled.jpg\" title=\"ulica Grzybowa\" data-rl_title=\"ulica Grzybowa\" class=\"rl-gallery-link\" data-rl_caption=\"\" data-rel=\"lightbox-gallery-1\"><img loading=\"lazy\" decoding=\"async\" src=\"http:\/\/obwodnicamilicza.pl\/wp-content\/uploads\/2021\/06\/ulica-Grzybowa-300x225.jpg\" width=\"300\" height=\"225\" alt=\"\" \/><span class=\"rl-gallery-caption\"><span class=\"rl-gallery-item-title\">ulica Grzybowa<\/span><\/span><\/a><\/div><div class=\"rl-gallery-item\"><a href=\"http:\/\/obwodnicamilicza.pl\/wp-content\/uploads\/2021\/06\/Tomaszkow-scaled.jpg\" title=\"Tomaszk\u00f3w\" data-rl_title=\"Tomaszk\u00f3w\" class=\"rl-gallery-link\" data-rl_caption=\"\" data-rel=\"lightbox-gallery-1\"><img loading=\"lazy\" decoding=\"async\" src=\"http:\/\/obwodnicamilicza.pl\/wp-content\/uploads\/2021\/06\/Tomaszkow-300x225.jpg\" width=\"300\" height=\"225\" alt=\"\" \/><span class=\"rl-gallery-caption\"><span class=\"rl-gallery-item-title\">Tomaszk\u00f3w<\/span><\/span><\/a><\/div><div class=\"rl-gallery-item\"><a href=\"http:\/\/obwodnicamilicza.pl\/wp-content\/uploads\/2021\/06\/Swietoszyn-scaled.jpg\" title=\"\u015awi\u0119toszyn\" data-rl_title=\"\u015awi\u0119toszyn\" class=\"rl-gallery-link\" data-rl_caption=\"\" data-rel=\"lightbox-gallery-1\"><img loading=\"lazy\" decoding=\"async\" src=\"http:\/\/obwodnicamilicza.pl\/wp-content\/uploads\/2021\/06\/Swietoszyn-300x225.jpg\" width=\"300\" height=\"225\" alt=\"\" \/><span class=\"rl-gallery-caption\"><span class=\"rl-gallery-item-title\">\u015awi\u0119toszyn<\/span><\/span><\/a><\/div><div class=\"rl-gallery-item\"><a href=\"http:\/\/obwodnicamilicza.pl\/wp-content\/uploads\/2021\/06\/Sciezka-kolo-Tomaszkowa-scaled.jpg\" title=\"\u015acie\u017cka ko\u0142o Tomaszkowa\" data-rl_title=\"\u015acie\u017cka ko\u0142o Tomaszkowa\" class=\"rl-gallery-link\" data-rl_caption=\"\" data-rel=\"lightbox-gallery-1\"><img loading=\"lazy\" decoding=\"async\" src=\"http:\/\/obwodnicamilicza.pl\/wp-content\/uploads\/2021\/06\/Sciezka-kolo-Tomaszkowa-300x225.jpg\" width=\"300\" height=\"225\" alt=\"\" \/><span class=\"rl-gallery-caption\"><span class=\"rl-gallery-item-title\">\u015acie\u017cka ko\u0142o Tomaszkowa<\/span><\/span><\/a><\/div><div class=\"rl-gallery-item\"><a href=\"http:\/\/obwodnicamilicza.pl\/wp-content\/uploads\/2021\/06\/Sciezka-kolo-Kaszowa-scaled.jpg\" title=\"\u015acie\u017cka ko\u0142o Kaszowa\" data-rl_title=\"\u015acie\u017cka ko\u0142o Kaszowa\" class=\"rl-gallery-link\" data-rl_caption=\"\" data-rel=\"lightbox-gallery-1\"><img loading=\"lazy\" decoding=\"async\" src=\"http:\/\/obwodnicamilicza.pl\/wp-content\/uploads\/2021\/06\/Sciezka-kolo-Kaszowa-300x225.jpg\" width=\"300\" height=\"225\" alt=\"\" \/><span class=\"rl-gallery-caption\"><span class=\"rl-gallery-item-title\">\u015acie\u017cka ko\u0142o Kaszowa<\/span><\/span><\/a><\/div><div class=\"rl-gallery-item\"><a href=\"http:\/\/obwodnicamilicza.pl\/wp-content\/uploads\/2021\/06\/Ostoja-scaled.jpg\" title=\"Ostoja\" data-rl_title=\"Ostoja\" class=\"rl-gallery-link\" data-rl_caption=\"\" data-rel=\"lightbox-gallery-1\"><img loading=\"lazy\" decoding=\"async\" src=\"http:\/\/obwodnicamilicza.pl\/wp-content\/uploads\/2021\/06\/Ostoja-300x200.jpg\" width=\"300\" height=\"200\" alt=\"\" \/><span class=\"rl-gallery-caption\"><span class=\"rl-gallery-item-title\">Ostoja<\/span><\/span><\/a><\/div><div class=\"rl-gallery-item\"><a href=\"http:\/\/obwodnicamilicza.pl\/wp-content\/uploads\/2021\/06\/oczyszczalnia-scaled.jpg\" title=\"Oczyszczalnia\" data-rl_title=\"Oczyszczalnia\" class=\"rl-gallery-link\" data-rl_caption=\"\" data-rel=\"lightbox-gallery-1\"><img loading=\"lazy\" decoding=\"async\" src=\"http:\/\/obwodnicamilicza.pl\/wp-content\/uploads\/2021\/06\/oczyszczalnia-300x200.jpg\" width=\"300\" height=\"200\" alt=\"\" \/><span class=\"rl-gallery-caption\"><span class=\"rl-gallery-item-title\">Oczyszczalnia<\/span><\/span><\/a><\/div><div class=\"rl-gallery-item\"><a href=\"http:\/\/obwodnicamilicza.pl\/wp-content\/uploads\/2021\/06\/Mlynowka-scaled.jpg\" title=\"M\u0142yn\u00f3wka\" data-rl_title=\"M\u0142yn\u00f3wka\" class=\"rl-gallery-link\" data-rl_caption=\"\" data-rel=\"lightbox-gallery-1\"><img loading=\"lazy\" decoding=\"async\" src=\"http:\/\/obwodnicamilicza.pl\/wp-content\/uploads\/2021\/06\/Mlynowka-300x225.jpg\" width=\"300\" height=\"225\" alt=\"\" \/><span class=\"rl-gallery-caption\"><span class=\"rl-gallery-item-title\">M\u0142yn\u00f3wka<\/span><\/span><\/a><\/div><div class=\"rl-gallery-item\"><a href=\"http:\/\/obwodnicamilicza.pl\/wp-content\/uploads\/2021\/06\/las-pod-Tomaszkowem-scaled.jpg\" title=\"las pod Tomaszkowem\" data-rl_title=\"las pod Tomaszkowem\" class=\"rl-gallery-link\" data-rl_caption=\"\" data-rel=\"lightbox-gallery-1\"><img loading=\"lazy\" decoding=\"async\" src=\"http:\/\/obwodnicamilicza.pl\/wp-content\/uploads\/2021\/06\/las-pod-Tomaszkowem-300x225.jpg\" width=\"300\" height=\"225\" alt=\"\" \/><span class=\"rl-gallery-caption\"><span class=\"rl-gallery-item-title\">las pod Tomaszkowem<\/span><\/span><\/a><\/div><div class=\"rl-gallery-item\"><a href=\"http:\/\/obwodnicamilicza.pl\/wp-content\/uploads\/2021\/06\/Koruszka-scaled.jpg\" title=\"Koruszka\" data-rl_title=\"Koruszka\" class=\"rl-gallery-link\" data-rl_caption=\"\" data-rel=\"lightbox-gallery-1\"><img loading=\"lazy\" decoding=\"async\" src=\"http:\/\/obwodnicamilicza.pl\/wp-content\/uploads\/2021\/06\/Koruszka-300x225.jpg\" width=\"300\" height=\"225\" alt=\"\" \/><span class=\"rl-gallery-caption\"><span class=\"rl-gallery-item-title\">Koruszka<\/span><\/span><\/a><\/div><div class=\"rl-gallery-item\"><a href=\"http:\/\/obwodnicamilicza.pl\/wp-content\/uploads\/2021\/06\/Koruszka-Pracze-scaled.jpg\" title=\"Koruszka Pracze\" data-rl_title=\"Koruszka Pracze\" class=\"rl-gallery-link\" data-rl_caption=\"\" data-rel=\"lightbox-gallery-1\"><img loading=\"lazy\" decoding=\"async\" src=\"http:\/\/obwodnicamilicza.pl\/wp-content\/uploads\/2021\/06\/Koruszka-Pracze-300x225.jpg\" width=\"300\" height=\"225\" alt=\"\" \/><span class=\"rl-gallery-caption\"><span class=\"rl-gallery-item-title\">Koruszka Pracze<\/span><\/span><\/a><\/div><div class=\"rl-gallery-item\"><a href=\"http:\/\/obwodnicamilicza.pl\/wp-content\/uploads\/2021\/06\/Kaszowo-scaled.jpg\" title=\"Kaszowo\" data-rl_title=\"Kaszowo\" class=\"rl-gallery-link\" data-rl_caption=\"\" data-rel=\"lightbox-gallery-1\"><img loading=\"lazy\" decoding=\"async\" src=\"http:\/\/obwodnicamilicza.pl\/wp-content\/uploads\/2021\/06\/Kaszowo-300x225.jpg\" width=\"300\" height=\"225\" alt=\"\" \/><span class=\"rl-gallery-caption\"><span class=\"rl-gallery-item-title\">Kaszowo<\/span><\/span><\/a><\/div><div class=\"rl-gallery-item\"><a href=\"http:\/\/obwodnicamilicza.pl\/wp-content\/uploads\/2021\/06\/Kaszowo-dla-W3.jpg\" title=\"Kaszowo dla W3\" data-rl_title=\"Kaszowo dla W3\" class=\"rl-gallery-link\" data-rl_caption=\"\" data-rel=\"lightbox-gallery-1\"><img loading=\"lazy\" decoding=\"async\" src=\"http:\/\/obwodnicamilicza.pl\/wp-content\/uploads\/2021\/06\/Kaszowo-dla-W3-300x146.jpg\" width=\"300\" height=\"146\" alt=\"\" \/><span class=\"rl-gallery-caption\"><span class=\"rl-gallery-item-title\">Kaszowo dla W3<\/span><\/span><\/a><\/div><div class=\"rl-gallery-item\"><a href=\"http:\/\/obwodnicamilicza.pl\/wp-content\/uploads\/2021\/06\/Kaszowo-dla-W3-2.jpg\" title=\"Kaszowo dla W3 (2)\" data-rl_title=\"Kaszowo dla W3 (2)\" class=\"rl-gallery-link\" data-rl_caption=\"\" data-rel=\"lightbox-gallery-1\"><img loading=\"lazy\" decoding=\"async\" src=\"http:\/\/obwodnicamilicza.pl\/wp-content\/uploads\/2021\/06\/Kaszowo-dla-W3-2-300x141.jpg\" width=\"300\" height=\"141\" alt=\"\" \/><span class=\"rl-gallery-caption\"><span class=\"rl-gallery-item-title\">Kaszowo dla W3 (2)<\/span><\/span><\/a><\/div><div class=\"rl-gallery-item\"><a href=\"http:\/\/obwodnicamilicza.pl\/wp-content\/uploads\/2021\/06\/dojazd-Ostoja-scaled.jpg\" title=\"dojazd Ostoja\" data-rl_title=\"dojazd Ostoja\" class=\"rl-gallery-link\" data-rl_caption=\"\" data-rel=\"lightbox-gallery-1\"><img loading=\"lazy\" decoding=\"async\" src=\"http:\/\/obwodnicamilicza.pl\/wp-content\/uploads\/2021\/06\/dojazd-Ostoja-300x225.jpg\" width=\"300\" height=\"225\" alt=\"\" \/><span class=\"rl-gallery-caption\"><span class=\"rl-gallery-item-title\">dojazd Ostoja<\/span><\/span><\/a><\/div><div class=\"rl-gallery-item\"><a href=\"http:\/\/obwodnicamilicza.pl\/wp-content\/uploads\/2021\/06\/DK15-scaled.jpg\" title=\"DK15\" data-rl_title=\"DK15\" class=\"rl-gallery-link\" data-rl_caption=\"\" data-rel=\"lightbox-gallery-1\"><img loading=\"lazy\" decoding=\"async\" src=\"http:\/\/obwodnicamilicza.pl\/wp-content\/uploads\/2021\/06\/DK15-300x225.jpg\" width=\"300\" height=\"225\" alt=\"\" \/><span class=\"rl-gallery-caption\"><span class=\"rl-gallery-item-title\">DK15<\/span><\/span><\/a><\/div><div class=\"rl-gallery-item\"><a href=\"http:\/\/obwodnicamilicza.pl\/wp-content\/uploads\/2021\/06\/Barycz-scaled.jpg\" title=\"Barycz\" data-rl_title=\"Barycz\" class=\"rl-gallery-link\" data-rl_caption=\"\" data-rel=\"lightbox-gallery-1\"><img loading=\"lazy\" decoding=\"async\" src=\"http:\/\/obwodnicamilicza.pl\/wp-content\/uploads\/2021\/06\/Barycz-300x200.jpg\" width=\"300\" height=\"200\" alt=\"\" \/><span class=\"rl-gallery-caption\"><span class=\"rl-gallery-item-title\">Barycz<\/span><\/span><\/a><\/div><div class=\"rl-gallery-item\"><a href=\"http:\/\/obwodnicamilicza.pl\/wp-content\/uploads\/2021\/03\/SAM_8630.png\" title=\"\" data-rl_title=\"\" class=\"rl-gallery-link\" data-rl_caption=\"\" data-rel=\"lightbox-gallery-1\"><img loading=\"lazy\" decoding=\"async\" src=\"http:\/\/obwodnicamilicza.pl\/wp-content\/uploads\/2021\/03\/SAM_8630-300x198.png\" width=\"300\" height=\"198\" alt=\"\" \/><\/a><\/div> <\/div> <h4 class=\"rl-gallery-title\"><\/h4> <\/div>\n<\/div><\/div>\n<\/div><\/div><\/section>\n\n\n\n<section id=\"gm273188f\" class=\"wp-block-gutentor-m4 section-gm273188f gutentor-module gutentor-advanced-columns\"><div class=\"grid-container\"><div class=\"grid-row\">\n<div id=\"col-gm231cea\" class=\"wp-block-gutentor-m4-col col-gm231cea gutentor-single-column  grid-lg-12 grid-md-12 grid-12\"><div id=\"section-gm231cea\" class=\"section-gm231cea gutentor-col-wrap\">\n<table id=\"tablepress-7\" class=\"tablepress tablepress-id-7 tablepress-responsive tablepress-responsive-phone\">\n<tbody>\n<tr class=\"row-1\">\n\t<td class=\"column-1\"><img loading=\"lazy\" decoding=\"async\" src=\"http:\/\/obwodnicamilicza.pl\/wp-content\/uploads\/2021\/06\/GDDKiA_Wroclaw.png\" alt=\"\" width=\"250\" height=\"58\" class=\"alignnone size-medium wp-image-1031\" \/><\/td><td class=\"column-2\"><\/td><td class=\"column-3\"><img loading=\"lazy\" decoding=\"async\" src=\"http:\/\/obwodnicamilicza.pl\/wp-content\/uploads\/2021\/06\/logo-ivia-scaled.jpg\" alt=\"\" width=\"200\" height=\"132\" class=\"alignnone size-medium wp-image-1034\" \/><\/td><td class=\"column-4\"><\/td><td class=\"column-5\"><img loading=\"lazy\" decoding=\"async\" src=\"http:\/\/dk28limanowa.pl\/wp-content\/uploads\/2021\/06\/LogotypMIpion-300x75.jpg\" alt=\"\" width=\"200\" height=\"75\" class=\"alignnone size-medium wp-image-1036\" \/><\/td>\n<\/tr>\n<tr class=\"row-2\">\n\t<td class=\"column-1\"><strong><or style=\"color:#ef7900\">\/<\/or>ZAMAWIAJ\u0104CY<\/strong><\/td><td class=\"column-2\"><\/td><td class=\"column-3\"><strong><or style=\"color:#ef7900\">\/<\/or>WYKONAWCA<\/strong><\/td><td class=\"column-4\"><\/td><td class=\"column-5\"><strong><or style=\"color:#ef7900\">\/<\/or>INSTYTUCJA ZAANGA\u017bOWANA<\/strong><\/td>\n<\/tr>\n<tr class=\"row-3\">\n\t<td class=\"column-1\">Generalny Dyrektor Dr\u00f3g<br \/>\nKrajowych i Autostrad<br \/>\nOddzia\u0142 we Wroc\u0142awu<\/td><td class=\"column-2\"><\/td><td class=\"column-3\">IVIA Sp. z o.o.<\/td><td class=\"column-4\"><\/td><td class=\"column-5\">Ministerstwo Infrastruktury<\/td>\n<\/tr>\n<tr class=\"row-4\">\n\t<td class=\"column-1\"><a style=\"color:#ef7900\" href=\"http:\/\/www.gddkia.gov.pl\" rel=\"noopener\" target=\"_blank\">gddkia.gov.pl<\/a><\/td><td class=\"column-2\"><\/td><td class=\"column-3\"><a style=\"color:#ef7900\" href=\"http:\/\/www.ivia.pl\" rel=\"noopener\" target=\"_blank\">ivia.pl<\/a><\/td><td class=\"column-4\"><\/td><td class=\"column-5\"><a style=\"color:#ef7900\" href=\"http:\/\/www.mi.gov.pl\" rel=\"noopener\" target=\"_blank\">mi.gov.pl<\/a><\/td>\n<\/tr>\n<\/tbody>\n<\/table>\n<!-- #tablepress-7 from cache -->\n<\/div><\/div>\n<\/div><\/div><\/section>\n","protected":false},"excerpt":{"rendered":"","protected":false},"author":1,"featured_media":0,"parent":0,"menu_order":0,"comment_status":"closed","ping_status":"closed","template":"","meta":{"footnotes":""},"class_list":["post-1001","page","type-page","status-publish","hentry"],"yoast_head":"<!-- This site is optimized with the Yoast SEO plugin v27.5 - https:\/\/yoast.com\/product\/yoast-seo-wordpress\/ -->\n<title>Budowa Obwodnicy Milicza w ci\u0105gu Drogi Krajowej nr 15 - Budowa obwodnicy Milicza DK15<\/title>\n<meta name=\"description\" content=\"Milicz, obwodnica Milicza, obwodnicamilicza, 100obwodnic, DK 15, DW 439, DW 448, spotkanie informacyjne, konsultacje spo\u0142eczne, warianty, przebieg trasy, IVIA, Dolina Baryczy, Kaszowo, Stawiec, K\u0105ty, \u015awi\u0119toszyn, Tomaszk\u00f3w, Mi\u0142ochowice, Koruszka, Wszewilki\" \/>\n<meta name=\"robots\" content=\"index, follow, max-snippet:-1, max-image-preview:large, max-video-preview:-1\" \/>\n<link rel=\"canonical\" href=\"http:\/\/obwodnicamilicza.pl\/\" \/>\n<meta property=\"og:locale\" content=\"pl_PL\" \/>\n<meta property=\"og:type\" content=\"article\" \/>\n<meta property=\"og:title\" content=\"Budowa Obwodnicy Milicza w ci\u0105gu Drogi Krajowej nr 15 - Budowa obwodnicy Milicza DK15\" \/>\n<meta property=\"og:description\" content=\"Milicz, obwodnica Milicza, obwodnicamilicza, 100obwodnic, DK 15, DW 439, DW 448, spotkanie informacyjne, konsultacje spo\u0142eczne, warianty, przebieg trasy, IVIA, Dolina Baryczy, Kaszowo, Stawiec, K\u0105ty, \u015awi\u0119toszyn, Tomaszk\u00f3w, Mi\u0142ochowice, Koruszka, Wszewilki\" \/>\n<meta property=\"og:url\" content=\"http:\/\/obwodnicamilicza.pl\/\" \/>\n<meta property=\"og:site_name\" content=\"Budowa obwodnicy Milicza DK15\" \/>\n<meta property=\"article:modified_time\" content=\"2021-08-24T19:39:25+00:00\" \/>\n<meta property=\"og:image\" content=\"http:\/\/obwodnicamilicza.pl\/wp-content\/uploads\/2021\/08\/quote_up.png\" \/>\n<meta name=\"twitter:card\" content=\"summary_large_image\" \/>\n<meta name=\"twitter:label1\" content=\"Szacowany czas czytania\" \/>\n\t<meta name=\"twitter:data1\" content=\"1 minuta\" \/>\n<script type=\"application\/ld+json\" class=\"yoast-schema-graph\">{\"@context\":\"https:\\\/\\\/schema.org\",\"@graph\":[{\"@type\":\"WebPage\",\"@id\":\"http:\\\/\\\/obwodnicamilicza.pl\\\/\",\"url\":\"http:\\\/\\\/obwodnicamilicza.pl\\\/\",\"name\":\"Budowa Obwodnicy Milicza w ci\u0105gu Drogi Krajowej nr 15 - Budowa obwodnicy Milicza DK15\",\"isPartOf\":{\"@id\":\"http:\\\/\\\/obwodnicamilicza.pl\\\/#website\"},\"primaryImageOfPage\":{\"@id\":\"http:\\\/\\\/obwodnicamilicza.pl\\\/#primaryimage\"},\"image\":{\"@id\":\"http:\\\/\\\/obwodnicamilicza.pl\\\/#primaryimage\"},\"thumbnailUrl\":\"http:\\\/\\\/obwodnicamilicza.pl\\\/wp-content\\\/uploads\\\/2021\\\/08\\\/quote_up.png\",\"datePublished\":\"2021-08-24T15:24:19+00:00\",\"dateModified\":\"2021-08-24T19:39:25+00:00\",\"description\":\"Milicz, obwodnica Milicza, obwodnicamilicza, 100obwodnic, DK 15, DW 439, DW 448, spotkanie informacyjne, konsultacje spo\u0142eczne, warianty, przebieg trasy, IVIA, Dolina Baryczy, Kaszowo, Stawiec, K\u0105ty, \u015awi\u0119toszyn, Tomaszk\u00f3w, Mi\u0142ochowice, Koruszka, Wszewilki\",\"breadcrumb\":{\"@id\":\"http:\\\/\\\/obwodnicamilicza.pl\\\/#breadcrumb\"},\"inLanguage\":\"pl-PL\",\"potentialAction\":[{\"@type\":\"ReadAction\",\"target\":[\"http:\\\/\\\/obwodnicamilicza.pl\\\/\"]}]},{\"@type\":\"ImageObject\",\"inLanguage\":\"pl-PL\",\"@id\":\"http:\\\/\\\/obwodnicamilicza.pl\\\/#primaryimage\",\"url\":\"http:\\\/\\\/obwodnicamilicza.pl\\\/wp-content\\\/uploads\\\/2021\\\/08\\\/quote_up.png\",\"contentUrl\":\"http:\\\/\\\/obwodnicamilicza.pl\\\/wp-content\\\/uploads\\\/2021\\\/08\\\/quote_up.png\",\"width\":81,\"height\":79},{\"@type\":\"BreadcrumbList\",\"@id\":\"http:\\\/\\\/obwodnicamilicza.pl\\\/#breadcrumb\",\"itemListElement\":[{\"@type\":\"ListItem\",\"position\":1,\"name\":\"Strona g\u0142\u00f3wna\",\"item\":\"http:\\\/\\\/obwodnicamilicza.pl\\\/\"},{\"@type\":\"ListItem\",\"position\":2,\"name\":\"Budowa Obwodnicy Milicza w ci\u0105gu Drogi Krajowej nr 15\"}]},{\"@type\":\"WebSite\",\"@id\":\"http:\\\/\\\/obwodnicamilicza.pl\\\/#website\",\"url\":\"http:\\\/\\\/obwodnicamilicza.pl\\\/\",\"name\":\"Budowa obwodnicy Milicza DK15\",\"description\":\"Budowa obwodnicy Milicza w ci\u0105gu drogi krajowej nr 15\",\"publisher\":{\"@id\":\"http:\\\/\\\/obwodnicamilicza.pl\\\/#organization\"},\"potentialAction\":[{\"@type\":\"SearchAction\",\"target\":{\"@type\":\"EntryPoint\",\"urlTemplate\":\"http:\\\/\\\/obwodnicamilicza.pl\\\/?s={search_term_string}\"},\"query-input\":{\"@type\":\"PropertyValueSpecification\",\"valueRequired\":true,\"valueName\":\"search_term_string\"}}],\"inLanguage\":\"pl-PL\"},{\"@type\":\"Organization\",\"@id\":\"http:\\\/\\\/obwodnicamilicza.pl\\\/#organization\",\"name\":\"Budowa obwodnicy Milicza DK15\",\"url\":\"http:\\\/\\\/obwodnicamilicza.pl\\\/\",\"logo\":{\"@type\":\"ImageObject\",\"inLanguage\":\"pl-PL\",\"@id\":\"http:\\\/\\\/obwodnicamilicza.pl\\\/#\\\/schema\\\/logo\\\/image\\\/\",\"url\":\"http:\\\/\\\/obwodnicamilicza.pl\\\/wp-content\\\/uploads\\\/2021\\\/06\\\/cropped-100_obwodnic_kolor.png\",\"contentUrl\":\"http:\\\/\\\/obwodnicamilicza.pl\\\/wp-content\\\/uploads\\\/2021\\\/06\\\/cropped-100_obwodnic_kolor.png\",\"width\":290,\"height\":38,\"caption\":\"Budowa obwodnicy Milicza DK15\"},\"image\":{\"@id\":\"http:\\\/\\\/obwodnicamilicza.pl\\\/#\\\/schema\\\/logo\\\/image\\\/\"}}]}<\/script>\n<!-- \/ Yoast SEO plugin. -->","yoast_head_json":{"title":"Budowa Obwodnicy Milicza w ci\u0105gu Drogi Krajowej nr 15 - Budowa obwodnicy Milicza DK15","description":"Milicz, obwodnica Milicza, obwodnicamilicza, 100obwodnic, DK 15, DW 439, DW 448, spotkanie informacyjne, konsultacje spo\u0142eczne, warianty, przebieg trasy, IVIA, Dolina Baryczy, Kaszowo, Stawiec, K\u0105ty, \u015awi\u0119toszyn, Tomaszk\u00f3w, Mi\u0142ochowice, Koruszka, Wszewilki","robots":{"index":"index","follow":"follow","max-snippet":"max-snippet:-1","max-image-preview":"max-image-preview:large","max-video-preview":"max-video-preview:-1"},"canonical":"http:\/\/obwodnicamilicza.pl\/","og_locale":"pl_PL","og_type":"article","og_title":"Budowa Obwodnicy Milicza w ci\u0105gu Drogi Krajowej nr 15 - Budowa obwodnicy Milicza DK15","og_description":"Milicz, obwodnica Milicza, obwodnicamilicza, 100obwodnic, DK 15, DW 439, DW 448, spotkanie informacyjne, konsultacje spo\u0142eczne, warianty, przebieg trasy, IVIA, Dolina Baryczy, Kaszowo, Stawiec, K\u0105ty, \u015awi\u0119toszyn, Tomaszk\u00f3w, Mi\u0142ochowice, Koruszka, Wszewilki","og_url":"http:\/\/obwodnicamilicza.pl\/","og_site_name":"Budowa obwodnicy Milicza DK15","article_modified_time":"2021-08-24T19:39:25+00:00","og_image":[{"url":"http:\/\/obwodnicamilicza.pl\/wp-content\/uploads\/2021\/08\/quote_up.png","type":"","width":"","height":""}],"twitter_card":"summary_large_image","twitter_misc":{"Szacowany czas czytania":"1 minuta"},"schema":{"@context":"https:\/\/schema.org","@graph":[{"@type":"WebPage","@id":"http:\/\/obwodnicamilicza.pl\/","url":"http:\/\/obwodnicamilicza.pl\/","name":"Budowa Obwodnicy Milicza w ci\u0105gu Drogi Krajowej nr 15 - Budowa obwodnicy Milicza DK15","isPartOf":{"@id":"http:\/\/obwodnicamilicza.pl\/#website"},"primaryImageOfPage":{"@id":"http:\/\/obwodnicamilicza.pl\/#primaryimage"},"image":{"@id":"http:\/\/obwodnicamilicza.pl\/#primaryimage"},"thumbnailUrl":"http:\/\/obwodnicamilicza.pl\/wp-content\/uploads\/2021\/08\/quote_up.png","datePublished":"2021-08-24T15:24:19+00:00","dateModified":"2021-08-24T19:39:25+00:00","description":"Milicz, obwodnica Milicza, obwodnicamilicza, 100obwodnic, DK 15, DW 439, DW 448, spotkanie informacyjne, konsultacje spo\u0142eczne, warianty, przebieg trasy, IVIA, Dolina Baryczy, Kaszowo, Stawiec, K\u0105ty, \u015awi\u0119toszyn, Tomaszk\u00f3w, Mi\u0142ochowice, Koruszka, Wszewilki","breadcrumb":{"@id":"http:\/\/obwodnicamilicza.pl\/#breadcrumb"},"inLanguage":"pl-PL","potentialAction":[{"@type":"ReadAction","target":["http:\/\/obwodnicamilicza.pl\/"]}]},{"@type":"ImageObject","inLanguage":"pl-PL","@id":"http:\/\/obwodnicamilicza.pl\/#primaryimage","url":"http:\/\/obwodnicamilicza.pl\/wp-content\/uploads\/2021\/08\/quote_up.png","contentUrl":"http:\/\/obwodnicamilicza.pl\/wp-content\/uploads\/2021\/08\/quote_up.png","width":81,"height":79},{"@type":"BreadcrumbList","@id":"http:\/\/obwodnicamilicza.pl\/#breadcrumb","itemListElement":[{"@type":"ListItem","position":1,"name":"Strona g\u0142\u00f3wna","item":"http:\/\/obwodnicamilicza.pl\/"},{"@type":"ListItem","position":2,"name":"Budowa Obwodnicy Milicza w ci\u0105gu Drogi Krajowej nr 15"}]},{"@type":"WebSite","@id":"http:\/\/obwodnicamilicza.pl\/#website","url":"http:\/\/obwodnicamilicza.pl\/","name":"Budowa obwodnicy Milicza DK15","description":"Budowa obwodnicy Milicza w ci\u0105gu drogi krajowej nr 15","publisher":{"@id":"http:\/\/obwodnicamilicza.pl\/#organization"},"potentialAction":[{"@type":"SearchAction","target":{"@type":"EntryPoint","urlTemplate":"http:\/\/obwodnicamilicza.pl\/?s={search_term_string}"},"query-input":{"@type":"PropertyValueSpecification","valueRequired":true,"valueName":"search_term_string"}}],"inLanguage":"pl-PL"},{"@type":"Organization","@id":"http:\/\/obwodnicamilicza.pl\/#organization","name":"Budowa obwodnicy Milicza DK15","url":"http:\/\/obwodnicamilicza.pl\/","logo":{"@type":"ImageObject","inLanguage":"pl-PL","@id":"http:\/\/obwodnicamilicza.pl\/#\/schema\/logo\/image\/","url":"http:\/\/obwodnicamilicza.pl\/wp-content\/uploads\/2021\/06\/cropped-100_obwodnic_kolor.png","contentUrl":"http:\/\/obwodnicamilicza.pl\/wp-content\/uploads\/2021\/06\/cropped-100_obwodnic_kolor.png","width":290,"height":38,"caption":"Budowa obwodnicy Milicza DK15"},"image":{"@id":"http:\/\/obwodnicamilicza.pl\/#\/schema\/logo\/image\/"}}]}},"_links":{"self":[{"href":"http:\/\/obwodnicamilicza.pl\/index.php\/wp-json\/wp\/v2\/pages\/1001","targetHints":{"allow":["GET"]}}],"collection":[{"href":"http:\/\/obwodnicamilicza.pl\/index.php\/wp-json\/wp\/v2\/pages"}],"about":[{"href":"http:\/\/obwodnicamilicza.pl\/index.php\/wp-json\/wp\/v2\/types\/page"}],"author":[{"embeddable":true,"href":"http:\/\/obwodnicamilicza.pl\/index.php\/wp-json\/wp\/v2\/users\/1"}],"replies":[{"embeddable":true,"href":"http:\/\/obwodnicamilicza.pl\/index.php\/wp-json\/wp\/v2\/comments?post=1001"}],"version-history":[{"count":27,"href":"http:\/\/obwodnicamilicza.pl\/index.php\/wp-json\/wp\/v2\/pages\/1001\/revisions"}],"predecessor-version":[{"id":1120,"href":"http:\/\/obwodnicamilicza.pl\/index.php\/wp-json\/wp\/v2\/pages\/1001\/revisions\/1120"}],"wp:attachment":[{"href":"http:\/\/obwodnicamilicza.pl\/index.php\/wp-json\/wp\/v2\/media?parent=1001"}],"curies":[{"name":"wp","href":"https:\/\/api.w.org\/{rel}","templated":true}]}}