{"id":468,"date":"2020-12-21T23:58:01","date_gmt":"2020-12-21T22:58:01","guid":{"rendered":"http:\/\/obwodnicalegnicydk94.pl\/?page_id=468"},"modified":"2023-02-14T12:28:35","modified_gmt":"2023-02-14T11:28:35","slug":"schemat-przebiegu-drogi","status":"publish","type":"page","link":"http:\/\/obwodnicamilicza.pl\/index.php\/schemat-przebiegu-drogi\/","title":{"rendered":"Warianty Przebiegu Drogi"},"content":{"rendered":"\n<h2 class=\"has-text-align-center wp-block-heading\">Rekomendowany wariant przebiegu drogi &#8211; materia\u0142 filmowy<\/h2>\n\n\n\n<figure class=\"wp-block-embed aligncenter is-type-video is-provider-youtube wp-block-embed-youtube wp-embed-aspect-16-9 wp-has-aspect-ratio\"><div class=\"wp-block-embed__wrapper\">\n<iframe loading=\"lazy\" title=\"Obwodnica Milicza - Wariant 5\" width=\"640\" height=\"360\" src=\"https:\/\/www.youtube.com\/embed\/26ZVJgl0ijw?feature=oembed\" frameborder=\"0\" allow=\"accelerometer; autoplay; clipboard-write; encrypted-media; gyroscope; picture-in-picture; web-share\" referrerpolicy=\"strict-origin-when-cross-origin\" allowfullscreen><\/iframe>\n<\/div><\/figure>\n\n\n\n<h2 class=\"has-text-align-center wp-block-heading\">Warianty Przebiegu Drogi<\/h2>\n\n\n\n<div id=\"section-g550ce2\" class=\"wp-block-gutentor-e1 section-g550ce2 gutentor-element gutentor-element-advanced-text text-align-center-desktop\"><div class=\"gutentor-text-wrap\"><p class=\"gutentor-text\">Dla 5 wariant\u00f3w tras obwodnicy opracowano plany sytuacyjne i profile pod\u0142u\u017cne (w dw\u00f3ch wersjach). Wrysowano obiekty mostowe.<br>Przeprowadzono analiz\u0119 obs\u0142ugi teren\u00f3w przyleg\u0142ych do obwodnicy pod k\u0105tem zapewnienia dzia\u0142kom dost\u0119pu do drogi publicznej.<br>Przeanalizowano widoczno\u015bci na zatrzymanie i wyprzedzanie.<\/p><\/div><\/div>\n\n\n\n<section id=\"8d2edd\" class=\"section-8d2edd gutentor-module gutentor-module-tabs gutentor-tabs-layout-vertical gutentor-tabs-left\"><div class=\"grid-container\"><div class=\"gutentor-module-tabs-wrap gutentor-tabs-style-fill\" data-id=\"8d2edd\"><div class=\"gutentor-module-tabs-nav\"><span class=\"gutentor-module-tabs-item gm-tt-8d2edd gutentor-tabs-nav-active\"><span class=\"gutentor-module-tabs-title\">Orientacja 1<\/span><\/span><span class=\"gutentor-module-tabs-item gm-tt-8d2edd\"><span class=\"gutentor-module-tabs-title\">Orientacja 1a<\/span><\/span><span class=\"gutentor-module-tabs-item gm-tt-8d2edd\"><span class=\"gutentor-module-tabs-title\">Orientacja 2<\/span><\/span><span class=\"gutentor-module-tabs-item gm-tt-8d2edd\"><span class=\"gutentor-module-tabs-title\">Orientacja 2a<\/span><\/span><span class=\"gutentor-module-tabs-item gm-tt-8d2edd\"><span class=\"gutentor-module-tabs-title\">Orientacja 3<\/span><\/span><span class=\"gutentor-module-tabs-item gm-tt-8d2edd\"><span class=\"gutentor-module-tabs-title\">Orientacja 3a<\/span><\/span><span class=\"gutentor-module-tabs-item gm-tt-8d2edd\"><span class=\"gutentor-module-tabs-title\">Orientacja 4<\/span><\/span><span class=\"gutentor-module-tabs-item gm-tt-8d2edd\"><span class=\"gutentor-module-tabs-title\">Orientacja 4a<\/span><\/span><span class=\"gutentor-module-tabs-item gm-tt-8d2edd\"><span class=\"gutentor-module-tabs-title\">Orientacja 5<\/span><\/span><span class=\"gutentor-module-tabs-item gm-tt-8d2edd\"><span class=\"gutentor-module-tabs-title\">Orientacja 5a<\/span><\/span><\/div><div class=\"gutentor-module-tabs-body\">\n<div class=\"wp-block-gutentor-m7-tab gutentor-module-tabs-content gm-tc-8d2edd gutentor-tabs-content-active\">\n<div data-wp-interactive=\"core\/file\" class=\"wp-block-file aligncenter\"><object data-wp-bind--hidden=\"!state.hasPdfPreview\" hidden class=\"wp-block-file__embed\" data=\"http:\/\/obwodnicamilicza.pl\/wp-content\/uploads\/2022\/03\/01-wariant_sytuacja-Milicz-\u2014-orientacja.pdf\" type=\"application\/pdf\" style=\"width:100%;height:600px\" aria-label=\"Osadzone z Wariant 1 - Obwodnica Milicza - orientacja.\"><\/object><a id=\"wp-block-file--media-5419bb1f-db63-4588-a05a-09f66e97c574\" href=\"http:\/\/obwodnicamilicza.pl\/wp-content\/uploads\/2022\/03\/01-wariant_sytuacja-Milicz-\u2014-orientacja.pdf\">Wariant 1 &#8211; Obwodnica Milicza &#8211; orientacja<\/a><\/div>\n<\/div>\n\n\n\n<div class=\"wp-block-gutentor-m7-tab gutentor-module-tabs-content gm-tc-8d2edd\">\n<div data-wp-interactive=\"core\/file\" class=\"wp-block-file aligncenter\"><object data-wp-bind--hidden=\"!state.hasPdfPreview\" hidden class=\"wp-block-file__embed\" data=\"http:\/\/obwodnicamilicza.pl\/wp-content\/uploads\/2022\/03\/01a-wariant_sytuacja-Milicz-\u2014-orientacja.pdf\" type=\"application\/pdf\" style=\"width:100%;height:600px\" aria-label=\"Osadzone z Wariant 1a - Obwodnica Milicza - orientacja.\"><\/object><a id=\"wp-block-file--media-792b0272-cb15-4458-bf48-819c5031a5cc\" href=\"http:\/\/obwodnicamilicza.pl\/wp-content\/uploads\/2022\/03\/01a-wariant_sytuacja-Milicz-\u2014-orientacja.pdf\">Wariant 1a &#8211; Obwodnica Milicza &#8211; orientacja<\/a><\/div>\n<\/div>\n\n\n\n<div class=\"wp-block-gutentor-m7-tab gutentor-module-tabs-content gm-tc-8d2edd\">\n<div data-wp-interactive=\"core\/file\" class=\"wp-block-file aligncenter\"><object data-wp-bind--hidden=\"!state.hasPdfPreview\" hidden class=\"wp-block-file__embed\" data=\"http:\/\/obwodnicamilicza.pl\/wp-content\/uploads\/2022\/03\/02-wariant_sytuacja-Milicz-\u2014-orientacja.pdf\" type=\"application\/pdf\" style=\"width:100%;height:600px\" aria-label=\"Osadzone z Wariant 2 - Obwodnica Milicza - orientacja.\"><\/object><a id=\"wp-block-file--media-677d4614-efe3-4cfb-9612-ebb0e3aca6df\" href=\"http:\/\/obwodnicamilicza.pl\/wp-content\/uploads\/2022\/03\/02-wariant_sytuacja-Milicz-\u2014-orientacja.pdf\">Wariant 2 &#8211; Obwodnica Milicza &#8211; orientacja<\/a><\/div>\n<\/div>\n\n\n\n<div class=\"wp-block-gutentor-m7-tab gutentor-module-tabs-content gm-tc-8d2edd\">\n<div data-wp-interactive=\"core\/file\" class=\"wp-block-file aligncenter\"><object data-wp-bind--hidden=\"!state.hasPdfPreview\" hidden class=\"wp-block-file__embed\" data=\"http:\/\/obwodnicamilicza.pl\/wp-content\/uploads\/2022\/03\/02a-wariant_sytuacja-Milicz-\u2014-orientacja.pdf\" type=\"application\/pdf\" style=\"width:100%;height:600px\" aria-label=\"Osadzone z Wariant 2a - Obwodnica Milicza - orientacja.\"><\/object><a id=\"wp-block-file--media-b48da924-fa55-4a8d-bcbd-fa1225df745a\" href=\"http:\/\/obwodnicamilicza.pl\/wp-content\/uploads\/2022\/03\/02a-wariant_sytuacja-Milicz-\u2014-orientacja.pdf\">Wariant 2a &#8211; Obwodnica Milicza &#8211; orientacja<\/a><\/div>\n<\/div>\n\n\n\n<div class=\"wp-block-gutentor-m7-tab gutentor-module-tabs-content gm-tc-8d2edd\">\n<div data-wp-interactive=\"core\/file\" class=\"wp-block-file aligncenter\"><object data-wp-bind--hidden=\"!state.hasPdfPreview\" hidden class=\"wp-block-file__embed\" data=\"http:\/\/obwodnicamilicza.pl\/wp-content\/uploads\/2022\/03\/03-wariant_sytuacja-Milicz-\u2014-orientacja.pdf\" type=\"application\/pdf\" style=\"width:100%;height:600px\" aria-label=\"Osadzone z Wariant 3 - Obwodnica Milicza - orientacja.\"><\/object><a id=\"wp-block-file--media-341ac62c-99ba-48ac-a1a1-cb709e4fd6c0\" href=\"http:\/\/obwodnicamilicza.pl\/wp-content\/uploads\/2022\/03\/03-wariant_sytuacja-Milicz-\u2014-orientacja.pdf\">Wariant 3 &#8211; Obwodnica Milicza &#8211; orientacja<\/a><\/div>\n<\/div>\n\n\n\n<div class=\"wp-block-gutentor-m7-tab gutentor-module-tabs-content gm-tc-8d2edd\">\n<div data-wp-interactive=\"core\/file\" class=\"wp-block-file aligncenter\"><object data-wp-bind--hidden=\"!state.hasPdfPreview\" hidden class=\"wp-block-file__embed\" data=\"http:\/\/obwodnicamilicza.pl\/wp-content\/uploads\/2022\/03\/03a-wariant_sytuacja-Milicz-\u2014-orientacja.pdf\" type=\"application\/pdf\" style=\"width:100%;height:600px\" aria-label=\"Osadzone z Wariant 3a - Obwodnica Milicza - orientacja.\"><\/object><a id=\"wp-block-file--media-eb184c18-1d47-45b7-9759-dd9bdfb89963\" href=\"http:\/\/obwodnicamilicza.pl\/wp-content\/uploads\/2022\/03\/03a-wariant_sytuacja-Milicz-\u2014-orientacja.pdf\">Wariant 3a &#8211; Obwodnica Milicza &#8211; orientacja<\/a><\/div>\n<\/div>\n\n\n\n<div class=\"wp-block-gutentor-m7-tab gutentor-module-tabs-content gm-tc-8d2edd\">\n<div data-wp-interactive=\"core\/file\" class=\"wp-block-file aligncenter\"><object data-wp-bind--hidden=\"!state.hasPdfPreview\" hidden class=\"wp-block-file__embed\" data=\"http:\/\/obwodnicamilicza.pl\/wp-content\/uploads\/2022\/03\/04-wariant_sytuacja-Milicz-\u2014-orientacja.pdf\" type=\"application\/pdf\" style=\"width:100%;height:600px\" aria-label=\"Osadzone z Wariant 4 - Obwodnica Milicza - orientacja.\"><\/object><a id=\"wp-block-file--media-2305bbaa-8e7c-409f-a04f-0fbf2747b055\" href=\"http:\/\/obwodnicamilicza.pl\/wp-content\/uploads\/2022\/03\/04-wariant_sytuacja-Milicz-\u2014-orientacja.pdf\">Wariant 4 &#8211; Obwodnica Milicza &#8211; orientacja<\/a><\/div>\n<\/div>\n\n\n\n<div class=\"wp-block-gutentor-m7-tab gutentor-module-tabs-content gm-tc-8d2edd\">\n<div data-wp-interactive=\"core\/file\" class=\"wp-block-file aligncenter\"><object data-wp-bind--hidden=\"!state.hasPdfPreview\" hidden class=\"wp-block-file__embed\" data=\"http:\/\/obwodnicamilicza.pl\/wp-content\/uploads\/2022\/03\/04a-wariant_sytuacja-Milicz-\u2014-orientacja.pdf\" type=\"application\/pdf\" style=\"width:100%;height:600px\" aria-label=\"Osadzone z Wariant 4a - Obwodnica Milicza - orientacja.\"><\/object><a id=\"wp-block-file--media-44dc1179-f2cc-4ca0-8098-a0e59392e9bc\" href=\"http:\/\/obwodnicamilicza.pl\/wp-content\/uploads\/2022\/03\/04a-wariant_sytuacja-Milicz-\u2014-orientacja.pdf\">Wariant 4a &#8211; Obwodnica Milicza &#8211; orientacja<\/a><\/div>\n<\/div>\n\n\n\n<div class=\"wp-block-gutentor-m7-tab gutentor-module-tabs-content gm-tc-8d2edd\">\n<div data-wp-interactive=\"core\/file\" class=\"wp-block-file aligncenter\"><object data-wp-bind--hidden=\"!state.hasPdfPreview\" hidden class=\"wp-block-file__embed\" data=\"http:\/\/obwodnicamilicza.pl\/wp-content\/uploads\/2022\/03\/05-wariant_sytuacja-Milicz-\u2014-orientacja.pdf\" type=\"application\/pdf\" style=\"width:100%;height:600px\" aria-label=\"Osadzone z Wariant 5 - Obwodnica Milicza - orientacja.\"><\/object><a id=\"wp-block-file--media-cea24db1-ff33-4bec-bb64-f3707255d9b9\" href=\"http:\/\/obwodnicamilicza.pl\/wp-content\/uploads\/2022\/03\/05-wariant_sytuacja-Milicz-\u2014-orientacja.pdf\">Wariant 5 &#8211; Obwodnica Milicza &#8211; orientacja<\/a><\/div>\n<\/div>\n\n\n\n<div class=\"wp-block-gutentor-m7-tab gutentor-module-tabs-content gm-tc-8d2edd\">\n<div data-wp-interactive=\"core\/file\" class=\"wp-block-file aligncenter\"><object data-wp-bind--hidden=\"!state.hasPdfPreview\" hidden class=\"wp-block-file__embed\" data=\"http:\/\/obwodnicamilicza.pl\/wp-content\/uploads\/2022\/03\/05a-wariant_sytuacja-Milicz-\u2014-orientacja.pdf\" type=\"application\/pdf\" style=\"width:100%;height:600px\" aria-label=\"Osadzone z Wariant 5a - Obwodnica Milicza - orientacja.\"><\/object><a id=\"wp-block-file--media-83834e35-ef06-4556-9308-d222a492080b\" href=\"http:\/\/obwodnicamilicza.pl\/wp-content\/uploads\/2022\/03\/05a-wariant_sytuacja-Milicz-\u2014-orientacja.pdf\">Wariant 5a &#8211; Obwodnica Milicza &#8211; orientacja<\/a><\/div>\n<\/div>\n<\/div><\/div><\/div><\/section>\n\n\n\n<div class=\"wp-block-buttons is-layout-flex wp-block-buttons-is-layout-flex\"><\/div>\n","protected":false},"excerpt":{"rendered":"<p>Rekomendowany wariant przebiegu drogi &#8211; materia\u0142 filmowy Warianty Przebiegu Drogi<\/p>\n","protected":false},"author":1,"featured_media":0,"parent":0,"menu_order":0,"comment_status":"closed","ping_status":"closed","template":"","meta":{"footnotes":""},"class_list":["post-468","page","type-page","status-publish","hentry"],"yoast_head":"<!-- This site is optimized with the Yoast SEO plugin v27.5 - https:\/\/yoast.com\/product\/yoast-seo-wordpress\/ -->\n<title>Warianty Przebiegu Drogi - Budowa obwodnicy Milicza DK15<\/title>\n<meta name=\"description\" content=\"Milicz, obwodnica Milicza, obwodnicamilicza, 100obwodnic, DK 15, DW 439, DW 448, spotkanie informacyjne, konsultacje spo\u0142eczne, warianty, przebieg trasy, IVIA, Dolina Baryczy, Kaszowo, Stawiec, K\u0105ty, \u015awi\u0119toszyn, Tomaszk\u00f3w, Mi\u0142ochowice, Koruszka, Wszewilki\" \/>\n<meta name=\"robots\" content=\"index, follow, max-snippet:-1, max-image-preview:large, max-video-preview:-1\" \/>\n<link rel=\"canonical\" href=\"http:\/\/obwodnicamilicza.pl\/index.php\/schemat-przebiegu-drogi\/\" \/>\n<meta property=\"og:locale\" content=\"pl_PL\" \/>\n<meta property=\"og:type\" content=\"article\" \/>\n<meta property=\"og:title\" content=\"Warianty Przebiegu Drogi - Budowa obwodnicy Milicza DK15\" \/>\n<meta property=\"og:description\" content=\"Milicz, obwodnica Milicza, obwodnicamilicza, 100obwodnic, DK 15, DW 439, DW 448, spotkanie informacyjne, konsultacje spo\u0142eczne, warianty, przebieg trasy, IVIA, Dolina Baryczy, Kaszowo, Stawiec, K\u0105ty, \u015awi\u0119toszyn, Tomaszk\u00f3w, Mi\u0142ochowice, Koruszka, Wszewilki\" \/>\n<meta property=\"og:url\" content=\"http:\/\/obwodnicamilicza.pl\/index.php\/schemat-przebiegu-drogi\/\" \/>\n<meta property=\"og:site_name\" content=\"Budowa obwodnicy Milicza DK15\" \/>\n<meta property=\"article:modified_time\" content=\"2023-02-14T11:28:35+00:00\" \/>\n<meta name=\"twitter:card\" content=\"summary_large_image\" \/>\n<meta name=\"twitter:label1\" content=\"Szacowany czas czytania\" \/>\n\t<meta name=\"twitter:data1\" content=\"1 minuta\" \/>\n<script type=\"application\/ld+json\" class=\"yoast-schema-graph\">{\"@context\":\"https:\\\/\\\/schema.org\",\"@graph\":[{\"@type\":\"WebPage\",\"@id\":\"http:\\\/\\\/obwodnicamilicza.pl\\\/index.php\\\/schemat-przebiegu-drogi\\\/\",\"url\":\"http:\\\/\\\/obwodnicamilicza.pl\\\/index.php\\\/schemat-przebiegu-drogi\\\/\",\"name\":\"Warianty Przebiegu Drogi - Budowa obwodnicy Milicza DK15\",\"isPartOf\":{\"@id\":\"http:\\\/\\\/obwodnicamilicza.pl\\\/#website\"},\"datePublished\":\"2020-12-21T22:58:01+00:00\",\"dateModified\":\"2023-02-14T11:28:35+00:00\",\"description\":\"Milicz, obwodnica Milicza, obwodnicamilicza, 100obwodnic, DK 15, DW 439, DW 448, spotkanie informacyjne, konsultacje spo\u0142eczne, warianty, przebieg trasy, IVIA, Dolina Baryczy, Kaszowo, Stawiec, K\u0105ty, \u015awi\u0119toszyn, Tomaszk\u00f3w, Mi\u0142ochowice, Koruszka, Wszewilki\",\"breadcrumb\":{\"@id\":\"http:\\\/\\\/obwodnicamilicza.pl\\\/index.php\\\/schemat-przebiegu-drogi\\\/#breadcrumb\"},\"inLanguage\":\"pl-PL\",\"potentialAction\":[{\"@type\":\"ReadAction\",\"target\":[\"http:\\\/\\\/obwodnicamilicza.pl\\\/index.php\\\/schemat-przebiegu-drogi\\\/\"]}]},{\"@type\":\"BreadcrumbList\",\"@id\":\"http:\\\/\\\/obwodnicamilicza.pl\\\/index.php\\\/schemat-przebiegu-drogi\\\/#breadcrumb\",\"itemListElement\":[{\"@type\":\"ListItem\",\"position\":1,\"name\":\"Strona g\u0142\u00f3wna\",\"item\":\"http:\\\/\\\/obwodnicamilicza.pl\\\/\"},{\"@type\":\"ListItem\",\"position\":2,\"name\":\"Warianty Przebiegu Drogi\"}]},{\"@type\":\"WebSite\",\"@id\":\"http:\\\/\\\/obwodnicamilicza.pl\\\/#website\",\"url\":\"http:\\\/\\\/obwodnicamilicza.pl\\\/\",\"name\":\"Budowa obwodnicy Milicza DK15\",\"description\":\"Budowa obwodnicy Milicza w ci\u0105gu drogi krajowej nr 15\",\"publisher\":{\"@id\":\"http:\\\/\\\/obwodnicamilicza.pl\\\/#organization\"},\"potentialAction\":[{\"@type\":\"SearchAction\",\"target\":{\"@type\":\"EntryPoint\",\"urlTemplate\":\"http:\\\/\\\/obwodnicamilicza.pl\\\/?s={search_term_string}\"},\"query-input\":{\"@type\":\"PropertyValueSpecification\",\"valueRequired\":true,\"valueName\":\"search_term_string\"}}],\"inLanguage\":\"pl-PL\"},{\"@type\":\"Organization\",\"@id\":\"http:\\\/\\\/obwodnicamilicza.pl\\\/#organization\",\"name\":\"Budowa obwodnicy Milicza DK15\",\"url\":\"http:\\\/\\\/obwodnicamilicza.pl\\\/\",\"logo\":{\"@type\":\"ImageObject\",\"inLanguage\":\"pl-PL\",\"@id\":\"http:\\\/\\\/obwodnicamilicza.pl\\\/#\\\/schema\\\/logo\\\/image\\\/\",\"url\":\"http:\\\/\\\/obwodnicamilicza.pl\\\/wp-content\\\/uploads\\\/2021\\\/06\\\/cropped-100_obwodnic_kolor.png\",\"contentUrl\":\"http:\\\/\\\/obwodnicamilicza.pl\\\/wp-content\\\/uploads\\\/2021\\\/06\\\/cropped-100_obwodnic_kolor.png\",\"width\":290,\"height\":38,\"caption\":\"Budowa obwodnicy Milicza DK15\"},\"image\":{\"@id\":\"http:\\\/\\\/obwodnicamilicza.pl\\\/#\\\/schema\\\/logo\\\/image\\\/\"}}]}<\/script>\n<!-- \/ Yoast SEO plugin. -->","yoast_head_json":{"title":"Warianty Przebiegu Drogi - Budowa obwodnicy Milicza DK15","description":"Milicz, obwodnica Milicza, obwodnicamilicza, 100obwodnic, DK 15, DW 439, DW 448, spotkanie informacyjne, konsultacje spo\u0142eczne, warianty, przebieg trasy, IVIA, Dolina Baryczy, Kaszowo, Stawiec, K\u0105ty, \u015awi\u0119toszyn, Tomaszk\u00f3w, Mi\u0142ochowice, Koruszka, Wszewilki","robots":{"index":"index","follow":"follow","max-snippet":"max-snippet:-1","max-image-preview":"max-image-preview:large","max-video-preview":"max-video-preview:-1"},"canonical":"http:\/\/obwodnicamilicza.pl\/index.php\/schemat-przebiegu-drogi\/","og_locale":"pl_PL","og_type":"article","og_title":"Warianty Przebiegu Drogi - Budowa obwodnicy Milicza DK15","og_description":"Milicz, obwodnica Milicza, obwodnicamilicza, 100obwodnic, DK 15, DW 439, DW 448, spotkanie informacyjne, konsultacje spo\u0142eczne, warianty, przebieg trasy, IVIA, Dolina Baryczy, Kaszowo, Stawiec, K\u0105ty, \u015awi\u0119toszyn, Tomaszk\u00f3w, Mi\u0142ochowice, Koruszka, Wszewilki","og_url":"http:\/\/obwodnicamilicza.pl\/index.php\/schemat-przebiegu-drogi\/","og_site_name":"Budowa obwodnicy Milicza DK15","article_modified_time":"2023-02-14T11:28:35+00:00","twitter_card":"summary_large_image","twitter_misc":{"Szacowany czas czytania":"1 minuta"},"schema":{"@context":"https:\/\/schema.org","@graph":[{"@type":"WebPage","@id":"http:\/\/obwodnicamilicza.pl\/index.php\/schemat-przebiegu-drogi\/","url":"http:\/\/obwodnicamilicza.pl\/index.php\/schemat-przebiegu-drogi\/","name":"Warianty Przebiegu Drogi - Budowa obwodnicy Milicza DK15","isPartOf":{"@id":"http:\/\/obwodnicamilicza.pl\/#website"},"datePublished":"2020-12-21T22:58:01+00:00","dateModified":"2023-02-14T11:28:35+00:00","description":"Milicz, obwodnica Milicza, obwodnicamilicza, 100obwodnic, DK 15, DW 439, DW 448, spotkanie informacyjne, konsultacje spo\u0142eczne, warianty, przebieg trasy, IVIA, Dolina Baryczy, Kaszowo, Stawiec, K\u0105ty, \u015awi\u0119toszyn, Tomaszk\u00f3w, Mi\u0142ochowice, Koruszka, Wszewilki","breadcrumb":{"@id":"http:\/\/obwodnicamilicza.pl\/index.php\/schemat-przebiegu-drogi\/#breadcrumb"},"inLanguage":"pl-PL","potentialAction":[{"@type":"ReadAction","target":["http:\/\/obwodnicamilicza.pl\/index.php\/schemat-przebiegu-drogi\/"]}]},{"@type":"BreadcrumbList","@id":"http:\/\/obwodnicamilicza.pl\/index.php\/schemat-przebiegu-drogi\/#breadcrumb","itemListElement":[{"@type":"ListItem","position":1,"name":"Strona g\u0142\u00f3wna","item":"http:\/\/obwodnicamilicza.pl\/"},{"@type":"ListItem","position":2,"name":"Warianty Przebiegu Drogi"}]},{"@type":"WebSite","@id":"http:\/\/obwodnicamilicza.pl\/#website","url":"http:\/\/obwodnicamilicza.pl\/","name":"Budowa obwodnicy Milicza DK15","description":"Budowa obwodnicy Milicza w ci\u0105gu drogi krajowej nr 15","publisher":{"@id":"http:\/\/obwodnicamilicza.pl\/#organization"},"potentialAction":[{"@type":"SearchAction","target":{"@type":"EntryPoint","urlTemplate":"http:\/\/obwodnicamilicza.pl\/?s={search_term_string}"},"query-input":{"@type":"PropertyValueSpecification","valueRequired":true,"valueName":"search_term_string"}}],"inLanguage":"pl-PL"},{"@type":"Organization","@id":"http:\/\/obwodnicamilicza.pl\/#organization","name":"Budowa obwodnicy Milicza DK15","url":"http:\/\/obwodnicamilicza.pl\/","logo":{"@type":"ImageObject","inLanguage":"pl-PL","@id":"http:\/\/obwodnicamilicza.pl\/#\/schema\/logo\/image\/","url":"http:\/\/obwodnicamilicza.pl\/wp-content\/uploads\/2021\/06\/cropped-100_obwodnic_kolor.png","contentUrl":"http:\/\/obwodnicamilicza.pl\/wp-content\/uploads\/2021\/06\/cropped-100_obwodnic_kolor.png","width":290,"height":38,"caption":"Budowa obwodnicy Milicza DK15"},"image":{"@id":"http:\/\/obwodnicamilicza.pl\/#\/schema\/logo\/image\/"}}]}},"_links":{"self":[{"href":"http:\/\/obwodnicamilicza.pl\/index.php\/wp-json\/wp\/v2\/pages\/468","targetHints":{"allow":["GET"]}}],"collection":[{"href":"http:\/\/obwodnicamilicza.pl\/index.php\/wp-json\/wp\/v2\/pages"}],"about":[{"href":"http:\/\/obwodnicamilicza.pl\/index.php\/wp-json\/wp\/v2\/types\/page"}],"author":[{"embeddable":true,"href":"http:\/\/obwodnicamilicza.pl\/index.php\/wp-json\/wp\/v2\/users\/1"}],"replies":[{"embeddable":true,"href":"http:\/\/obwodnicamilicza.pl\/index.php\/wp-json\/wp\/v2\/comments?post=468"}],"version-history":[{"count":41,"href":"http:\/\/obwodnicamilicza.pl\/index.php\/wp-json\/wp\/v2\/pages\/468\/revisions"}],"predecessor-version":[{"id":1292,"href":"http:\/\/obwodnicamilicza.pl\/index.php\/wp-json\/wp\/v2\/pages\/468\/revisions\/1292"}],"wp:attachment":[{"href":"http:\/\/obwodnicamilicza.pl\/index.php\/wp-json\/wp\/v2\/media?parent=468"}],"curies":[{"name":"wp","href":"https:\/\/api.w.org\/{rel}","templated":true}]}}